{"version":"1.0","provider_name":"Margarita po p\u00f3\u0142nocy","provider_url":"https:\/\/margaritapopolnocy.pl","author_name":"Margarita","author_url":"https:\/\/margaritapopolnocy.pl\/index.php\/author\/margarita\/","title":"Sa\u0142atka z arbuzem, fet\u0105 i siemieniem lnianym - Margarita po p\u00f3\u0142nocy","type":"rich","width":600,"height":338,"html":"<blockquote class=\"wp-embedded-content\" data-secret=\"ytGnr6vRSy\"><a href=\"https:\/\/margaritapopolnocy.pl\/index.php\/2015\/09\/02\/salatka-z-arbuzem-feta-i-siemieniem-lnianym\/\">Sa\u0142atka z arbuzem, fet\u0105 i siemieniem lnianym<\/a><\/blockquote><iframe sandbox=\"allow-scripts\" security=\"restricted\" src=\"https:\/\/margaritapopolnocy.pl\/index.php\/2015\/09\/02\/salatka-z-arbuzem-feta-i-siemieniem-lnianym\/embed\/#?secret=ytGnr6vRSy\" width=\"600\" height=\"338\" title=\"&#8222;Sa\u0142atka z arbuzem, fet\u0105 i siemieniem lnianym&#8221; &#8212; Margarita po p\u00f3\u0142nocy\" data-secret=\"ytGnr6vRSy\" frameborder=\"0\" marginwidth=\"0\" marginheight=\"0\" scrolling=\"no\" class=\"wp-embedded-content\"><\/iframe><script type=\"text\/javascript\">\n\/* <![CDATA[ *\/\n\/*! This file is auto-generated *\/\n!function(d,l){\"use strict\";l.querySelector&&d.addEventListener&&\"undefined\"!=typeof URL&&(d.wp=d.wp||{},d.wp.receiveEmbedMessage||(d.wp.receiveEmbedMessage=function(e){var t=e.data;if((t||t.secret||t.message||t.value)&&!\/[^a-zA-Z0-9]\/.test(t.secret)){for(var s,r,n,a=l.querySelectorAll('iframe[data-secret=\"'+t.secret+'\"]'),o=l.querySelectorAll('blockquote[data-secret=\"'+t.secret+'\"]'),c=new RegExp(\"^https?:$\",\"i\"),i=0;i<o.length;i++)o[i].style.display=\"none\";for(i=0;i<a.length;i++)s=a[i],e.source===s.contentWindow&&(s.removeAttribute(\"style\"),\"height\"===t.message?(1e3<(r=parseInt(t.value,10))?r=1e3:~~r<200&&(r=200),s.height=r):\"link\"===t.message&&(r=new URL(s.getAttribute(\"src\")),n=new URL(t.value),c.test(n.protocol))&&n.host===r.host&&l.activeElement===s&&(d.top.location.href=t.value))}},d.addEventListener(\"message\",d.wp.receiveEmbedMessage,!1),l.addEventListener(\"DOMContentLoaded\",function(){for(var e,t,s=l.querySelectorAll(\"iframe.wp-embedded-content\"),r=0;r<s.length;r++)(t=(e=s[r]).getAttribute(\"data-secret\"))||(t=Math.random().toString(36).substring(2,12),e.src+=\"#?secret=\"+t,e.setAttribute(\"data-secret\",t)),e.contentWindow.postMessage({message:\"ready\",secret:t},\"*\")},!1)))}(window,document);\n\/\/# sourceURL=https:\/\/margaritapopolnocy.pl\/wp-includes\/js\/wp-embed.min.js\n\/* ]]> *\/\n<\/script>\n","thumbnail_url":"https:\/\/margaritapopolnocy.pl\/wp-content\/uploads\/2015\/09\/1-6.jpg","thumbnail_width":556,"thumbnail_height":577,"description":"S\u0142odycz i soczysto\u015b\u0107 arbuza po\u0142\u0105czona z intensywnie s\u0142onym serem feta &#8211; brzmi kusz\u0105co? Je\u015bli nie, to zach\u0119cam dalej: chrupi\u0105ca, r\u00f3\u017cnokolorowa sa\u0142ata, na dodatek w dobrej cenie &#8211; nie b\u0105d\u017amy snobami, takie gotowe miksy sa\u0142at naprawd\u0119 si\u0119 op\u0142acaj\u0105. I jeszcze jeden dodatek &#8211; pra\u017cone siemi\u0119 lniane z sol\u0105. Wszystko to doprawione oliw\u0105 i \u015bwie\u017co zmielonym pieprzem."}